{"id":13620,"date":"2024-07-17T21:49:16","date_gmt":"2024-07-17T19:49:16","guid":{"rendered":"https:\/\/www.wiaralecha.pl\/?page_id=13620"},"modified":"2024-07-17T21:49:19","modified_gmt":"2024-07-17T19:49:19","slug":"statystyki-sezon-2024-2025-i-liga-futsalu","status":"publish","type":"page","link":"https:\/\/www.wiaralecha.pl\/index.php\/statystyki-sezon-2024-2025-i-liga-futsalu\/","title":{"rendered":"Statystyki &#8211; sezon 2024\/2025 [I liga futsalu]"},"content":{"rendered":"<div class=\"sportspress\"><div class=\"card card--has-table\"><header class=\"card__header\"><h4 class=\"sp-table-caption\">Strzelcy<\/h4><\/header><div class=\"card__content sp-template sp-template-player-list\"><div class=\"table-responsive sp-table-wrapper\"><table class=\"table table--lg team-roster-table sp-player-list sp-data-table sp-sortable-table sp-responsive-table playerlist_69f302893cd6a sp-scrollable-table sp-paginated-table\" data-sp-rows=\"40\"><thead><tr><th class=\"data-rank\">Rank<\/th><th class=\"data-name\">Zawodnik<\/th><th class=\"data-goals\"><i class=\"sp-icon-soccerball\" title=\"Bramka\" style=\"color:#222222 !important\"><\/i> <\/th><\/tr><\/thead><tbody><tr class=\"odd\"><td class=\"data-rank\" data-label=\"#\">1<\/td><td class=\"data-name has-photo\" data-label=\"Zawodnik\"><a href=\"https:\/\/www.wiaralecha.pl\/index.php\/player\/uriel-cepeda\/\"><span class=\"player-photo\"><img loading=\"lazy\" decoding=\"async\" width=\"40\" height=\"40\" src=\"https:\/\/www.wiaralecha.pl\/wp-content\/uploads\/2025\/10\/Uriel_Cepeda-40x40.png\" class=\"attachment-alchemists_player-xxs size-alchemists_player-xxs wp-post-image\" alt=\"\" \/><\/span><span class=\"player-name\">Uriel Cepeda<\/span><\/a><\/td><td class=\"data-goals\" data-label=\"Bramka\">43<\/td><\/tr><tr class=\"even\"><td class=\"data-rank\" data-label=\"#\">2<\/td><td class=\"data-name has-photo\" data-label=\"Zawodnik\"><a href=\"https:\/\/www.wiaralecha.pl\/index.php\/player\/kacper-zydorczyk\/\"><span class=\"player-photo\"><img loading=\"lazy\" decoding=\"async\" width=\"40\" height=\"40\" src=\"https:\/\/www.wiaralecha.pl\/wp-content\/uploads\/2025\/10\/Kacper_Zydroczyk-40x40.png\" class=\"attachment-alchemists_player-xxs size-alchemists_player-xxs wp-post-image\" alt=\"\" \/><\/span><span class=\"player-name\">Kacper Zydorczyk<\/span><\/a><\/td><td class=\"data-goals\" data-label=\"Bramka\">10<\/td><\/tr><tr class=\"odd\"><td class=\"data-rank\" data-label=\"#\">3<\/td><td class=\"data-name has-photo\" data-label=\"Zawodnik\"><a href=\"https:\/\/www.wiaralecha.pl\/index.php\/player\/kacper-korytny\/\"><span class=\"player-photo\"><img loading=\"lazy\" decoding=\"async\" width=\"40\" height=\"40\" src=\"https:\/\/www.wiaralecha.pl\/wp-content\/uploads\/2025\/10\/Kacper_Korytny-40x40.png\" class=\"attachment-alchemists_player-xxs size-alchemists_player-xxs wp-post-image\" alt=\"\" \/><\/span><span class=\"player-name\">Kacper Korytny<\/span><\/a><\/td><td class=\"data-goals\" data-label=\"Bramka\">9<\/td><\/tr><tr class=\"even\"><td class=\"data-rank\" data-label=\"#\">4<\/td><td class=\"data-name has-photo\" data-label=\"Zawodnik\"><a href=\"https:\/\/www.wiaralecha.pl\/index.php\/player\/oliver-knizs\/\"><span class=\"player-photo\"><img loading=\"lazy\" decoding=\"async\" width=\"40\" height=\"40\" src=\"https:\/\/www.wiaralecha.pl\/wp-content\/uploads\/2025\/10\/Oliver_Knizs-40x40.png\" class=\"attachment-alchemists_player-xxs size-alchemists_player-xxs wp-post-image\" alt=\"\" \/><\/span><span class=\"player-name\">Oliv\u00e9r Knizs<\/span><\/a><\/td><td class=\"data-goals\" data-label=\"Bramka\">7<\/td><\/tr><tr class=\"odd\"><td class=\"data-rank\" data-label=\"#\">5<\/td><td class=\"data-name has-photo\" data-label=\"Zawodnik\"><a href=\"https:\/\/www.wiaralecha.pl\/index.php\/player\/dominik-solecki\/\"><span class=\"player-photo\"><img loading=\"lazy\" decoding=\"async\" width=\"40\" height=\"40\" src=\"https:\/\/www.wiaralecha.pl\/wp-content\/uploads\/2025\/10\/Dominik_Solecki-40x40.png\" class=\"attachment-alchemists_player-xxs size-alchemists_player-xxs wp-post-image\" alt=\"\" \/><\/span><span class=\"player-name\">Dominik Solecki<\/span><\/a><\/td><td class=\"data-goals\" data-label=\"Bramka\">6<\/td><\/tr><tr class=\"even\"><td class=\"data-rank\" data-label=\"#\">6<\/td><td class=\"data-name has-photo\" data-label=\"Zawodnik\"><a href=\"https:\/\/www.wiaralecha.pl\/index.php\/player\/jakub-lubojanski\/\"><span class=\"player-photo\"><img loading=\"lazy\" decoding=\"async\" width=\"40\" height=\"40\" src=\"https:\/\/www.wiaralecha.pl\/wp-content\/uploads\/2025\/10\/Jakub_Lubojanski-40x40.png\" class=\"attachment-alchemists_player-xxs size-alchemists_player-xxs wp-post-image\" alt=\"\" \/><\/span><span class=\"player-name\">Jakub Luboja\u0144ski<\/span><\/a><\/td><td class=\"data-goals\" data-label=\"Bramka\">1<\/td><\/tr><\/tbody><\/table><\/div><\/div><\/div><\/div>\n\n\n<div class=\"sportspress\"><div class=\"card card--has-table\"><header class=\"card__header\"><h4 class=\"sp-table-caption\">Asysty<\/h4><\/header><div class=\"card__content sp-template sp-template-player-list\"><div class=\"table-responsive sp-table-wrapper\"><table class=\"table table--lg team-roster-table sp-player-list sp-data-table sp-sortable-table sp-responsive-table playerlist_69f30289442ee sp-scrollable-table sp-paginated-table\" data-sp-rows=\"40\"><thead><tr><th class=\"data-rank\">Rank<\/th><th class=\"data-name\">Zawodnik<\/th><th class=\"data-assists\"><i class=\"sp-icon-shoe\" title=\"asysty\" style=\"color:#222222 !important\"><\/i> <\/th><\/tr><\/thead><tbody><tr class=\"odd\"><td class=\"data-rank\" data-label=\"#\">1<\/td><td class=\"data-name has-photo\" data-label=\"Zawodnik\"><a href=\"https:\/\/www.wiaralecha.pl\/index.php\/player\/uriel-cepeda\/\"><span class=\"player-photo\"><img loading=\"lazy\" decoding=\"async\" width=\"40\" height=\"40\" src=\"https:\/\/www.wiaralecha.pl\/wp-content\/uploads\/2025\/10\/Uriel_Cepeda-40x40.png\" class=\"attachment-alchemists_player-xxs size-alchemists_player-xxs wp-post-image\" alt=\"\" \/><\/span><span class=\"player-name\">Uriel Cepeda<\/span><\/a><\/td><td class=\"data-assists\" data-label=\"asysty\">21<\/td><\/tr><tr class=\"even\"><td class=\"data-rank\" data-label=\"#\">2<\/td><td class=\"data-name has-photo\" data-label=\"Zawodnik\"><a href=\"https:\/\/www.wiaralecha.pl\/index.php\/player\/kacper-zydorczyk\/\"><span class=\"player-photo\"><img loading=\"lazy\" decoding=\"async\" width=\"40\" height=\"40\" src=\"https:\/\/www.wiaralecha.pl\/wp-content\/uploads\/2025\/10\/Kacper_Zydroczyk-40x40.png\" class=\"attachment-alchemists_player-xxs size-alchemists_player-xxs wp-post-image\" alt=\"\" \/><\/span><span class=\"player-name\">Kacper Zydorczyk<\/span><\/a><\/td><td class=\"data-assists\" data-label=\"asysty\">12<\/td><\/tr><tr class=\"odd\"><td class=\"data-rank\" data-label=\"#\">3<\/td><td class=\"data-name has-photo\" data-label=\"Zawodnik\"><a href=\"https:\/\/www.wiaralecha.pl\/index.php\/player\/dominik-solecki\/\"><span class=\"player-photo\"><img loading=\"lazy\" decoding=\"async\" width=\"40\" height=\"40\" src=\"https:\/\/www.wiaralecha.pl\/wp-content\/uploads\/2025\/10\/Dominik_Solecki-40x40.png\" class=\"attachment-alchemists_player-xxs size-alchemists_player-xxs wp-post-image\" alt=\"\" \/><\/span><span class=\"player-name\">Dominik Solecki<\/span><\/a><\/td><td class=\"data-assists\" data-label=\"asysty\">9<\/td><\/tr><tr class=\"even\"><td class=\"data-rank\" data-label=\"#\">4<\/td><td class=\"data-name has-photo\" data-label=\"Zawodnik\"><a href=\"https:\/\/www.wiaralecha.pl\/index.php\/player\/oliver-knizs\/\"><span class=\"player-photo\"><img loading=\"lazy\" decoding=\"async\" width=\"40\" height=\"40\" src=\"https:\/\/www.wiaralecha.pl\/wp-content\/uploads\/2025\/10\/Oliver_Knizs-40x40.png\" class=\"attachment-alchemists_player-xxs size-alchemists_player-xxs wp-post-image\" alt=\"\" \/><\/span><span class=\"player-name\">Oliv\u00e9r Knizs<\/span><\/a><\/td><td class=\"data-assists\" data-label=\"asysty\">7<\/td><\/tr><tr class=\"odd\"><td class=\"data-rank\" data-label=\"#\">5<\/td><td class=\"data-name has-photo\" data-label=\"Zawodnik\"><a href=\"https:\/\/www.wiaralecha.pl\/index.php\/player\/kacper-korytny\/\"><span class=\"player-photo\"><img loading=\"lazy\" decoding=\"async\" width=\"40\" height=\"40\" src=\"https:\/\/www.wiaralecha.pl\/wp-content\/uploads\/2025\/10\/Kacper_Korytny-40x40.png\" class=\"attachment-alchemists_player-xxs size-alchemists_player-xxs wp-post-image\" alt=\"\" \/><\/span><span class=\"player-name\">Kacper Korytny<\/span><\/a><\/td><td class=\"data-assists\" data-label=\"asysty\">3<\/td><\/tr><\/tbody><\/table><\/div><\/div><\/div><\/div>\n\n\n<div class=\"sportspress\"><div class=\"card card--has-table\"><header class=\"card__header\"><h4 class=\"sp-table-caption\">Mecze<\/h4><\/header><div class=\"card__content sp-template sp-template-player-list\"><div class=\"table-responsive sp-table-wrapper\"><table class=\"table table--lg team-roster-table sp-player-list sp-data-table sp-sortable-table sp-responsive-table playerlist_69f3028948cc8 sp-scrollable-table sp-paginated-table\" data-sp-rows=\"40\"><thead><tr><th class=\"data-rank\">Rank<\/th><th class=\"data-name\">Zawodnik<\/th><th class=\"data-appearances\">Mecze<\/th><\/tr><\/thead><tbody><tr class=\"odd\"><td class=\"data-rank\" data-label=\"#\">1<\/td><td class=\"data-name has-photo\" data-label=\"Zawodnik\"><a href=\"https:\/\/www.wiaralecha.pl\/index.php\/player\/kacper-zydorczyk\/\"><span class=\"player-photo\"><img loading=\"lazy\" decoding=\"async\" width=\"40\" height=\"40\" src=\"https:\/\/www.wiaralecha.pl\/wp-content\/uploads\/2025\/10\/Kacper_Zydroczyk-40x40.png\" class=\"attachment-alchemists_player-xxs size-alchemists_player-xxs wp-post-image\" alt=\"\" \/><\/span><span class=\"player-name\">Kacper Zydorczyk<\/span><\/a><\/td><td class=\"data-appearances\" data-label=\"Mecze\">23<\/td><\/tr><tr class=\"even\"><td class=\"data-rank\" data-label=\"#\">2<\/td><td class=\"data-name has-photo\" data-label=\"Zawodnik\"><a href=\"https:\/\/www.wiaralecha.pl\/index.php\/player\/dominik-solecki\/\"><span class=\"player-photo\"><img loading=\"lazy\" decoding=\"async\" width=\"40\" height=\"40\" src=\"https:\/\/www.wiaralecha.pl\/wp-content\/uploads\/2025\/10\/Dominik_Solecki-40x40.png\" class=\"attachment-alchemists_player-xxs size-alchemists_player-xxs wp-post-image\" alt=\"\" \/><\/span><span class=\"player-name\">Dominik Solecki<\/span><\/a><\/td><td class=\"data-appearances\" data-label=\"Mecze\">22<\/td><\/tr><tr class=\"odd\"><td class=\"data-rank\" data-label=\"#\">3<\/td><td class=\"data-name has-photo\" data-label=\"Zawodnik\"><a href=\"https:\/\/www.wiaralecha.pl\/index.php\/player\/uriel-cepeda\/\"><span class=\"player-photo\"><img loading=\"lazy\" decoding=\"async\" width=\"40\" height=\"40\" src=\"https:\/\/www.wiaralecha.pl\/wp-content\/uploads\/2025\/10\/Uriel_Cepeda-40x40.png\" class=\"attachment-alchemists_player-xxs size-alchemists_player-xxs wp-post-image\" alt=\"\" \/><\/span><span class=\"player-name\">Uriel Cepeda<\/span><\/a><\/td><td class=\"data-appearances\" data-label=\"Mecze\">22<\/td><\/tr><tr class=\"even\"><td class=\"data-rank\" data-label=\"#\">4<\/td><td class=\"data-name has-photo\" data-label=\"Zawodnik\"><a href=\"https:\/\/www.wiaralecha.pl\/index.php\/player\/kacper-korytny\/\"><span class=\"player-photo\"><img loading=\"lazy\" decoding=\"async\" width=\"40\" height=\"40\" src=\"https:\/\/www.wiaralecha.pl\/wp-content\/uploads\/2025\/10\/Kacper_Korytny-40x40.png\" class=\"attachment-alchemists_player-xxs size-alchemists_player-xxs wp-post-image\" alt=\"\" \/><\/span><span class=\"player-name\">Kacper Korytny<\/span><\/a><\/td><td class=\"data-appearances\" data-label=\"Mecze\">22<\/td><\/tr><tr class=\"odd\"><td class=\"data-rank\" data-label=\"#\">5<\/td><td class=\"data-name has-photo\" data-label=\"Zawodnik\"><a href=\"https:\/\/www.wiaralecha.pl\/index.php\/player\/oliver-knizs\/\"><span class=\"player-photo\"><img loading=\"lazy\" decoding=\"async\" width=\"40\" height=\"40\" src=\"https:\/\/www.wiaralecha.pl\/wp-content\/uploads\/2025\/10\/Oliver_Knizs-40x40.png\" class=\"attachment-alchemists_player-xxs size-alchemists_player-xxs wp-post-image\" alt=\"\" \/><\/span><span class=\"player-name\">Oliv\u00e9r Knizs<\/span><\/a><\/td><td class=\"data-appearances\" data-label=\"Mecze\">12<\/td><\/tr><tr class=\"even\"><td class=\"data-rank\" data-label=\"#\">6<\/td><td class=\"data-name has-photo\" data-label=\"Zawodnik\"><a href=\"https:\/\/www.wiaralecha.pl\/index.php\/player\/jakub-lubojanski\/\"><span class=\"player-photo\"><img loading=\"lazy\" decoding=\"async\" width=\"40\" height=\"40\" src=\"https:\/\/www.wiaralecha.pl\/wp-content\/uploads\/2025\/10\/Jakub_Lubojanski-40x40.png\" class=\"attachment-alchemists_player-xxs size-alchemists_player-xxs wp-post-image\" alt=\"\" \/><\/span><span class=\"player-name\">Jakub Luboja\u0144ski<\/span><\/a><\/td><td class=\"data-appearances\" data-label=\"Mecze\">6<\/td><\/tr><\/tbody><\/table><\/div><\/div><\/div><\/div>\n\n\n<div class=\"sportspress\"><div class=\"card card--has-table\"><header class=\"card__header\"><h4 class=\"sp-table-caption\">Kartki<\/h4><\/header><div class=\"card__content sp-template sp-template-player-list\"><div class=\"table-responsive sp-table-wrapper\"><table class=\"table table--lg team-roster-table sp-player-list sp-data-table sp-sortable-table sp-responsive-table playerlist_69f302894d8bd sp-scrollable-table sp-paginated-table\" data-sp-rows=\"40\"><thead><tr><th class=\"data-rank\">Rank<\/th><th class=\"data-name\">Zawodnik<\/th><th class=\"data-yellowcards\"><i class=\"sp-icon-card\" title=\"\u017b\u00f3\u0142ta kartka\" style=\"color:#f4d014 !important\"><\/i> <\/th><th class=\"data-redcards\"><i class=\"sp-icon-card\" title=\"Czerwona kartka\" style=\"color:#d4000f !important\"><\/i> <\/th><\/tr><\/thead><tbody><tr class=\"odd\"><td class=\"data-rank\" data-label=\"#\">1<\/td><td class=\"data-name has-photo\" data-label=\"Zawodnik\"><a href=\"https:\/\/www.wiaralecha.pl\/index.php\/player\/uriel-cepeda\/\"><span class=\"player-photo\"><img loading=\"lazy\" decoding=\"async\" width=\"40\" height=\"40\" src=\"https:\/\/www.wiaralecha.pl\/wp-content\/uploads\/2025\/10\/Uriel_Cepeda-40x40.png\" class=\"attachment-alchemists_player-xxs size-alchemists_player-xxs wp-post-image\" alt=\"\" \/><\/span><span class=\"player-name\">Uriel Cepeda<\/span><\/a><\/td><td class=\"data-yellowcards\" data-label=\"\u017b\u00f3\u0142ta kartka\">6<\/td><td class=\"data-redcards\" data-label=\"Czerwona kartka\">0<\/td><\/tr><tr class=\"even\"><td class=\"data-rank\" data-label=\"#\">2<\/td><td class=\"data-name has-photo\" data-label=\"Zawodnik\"><a href=\"https:\/\/www.wiaralecha.pl\/index.php\/player\/kacper-zydorczyk\/\"><span class=\"player-photo\"><img loading=\"lazy\" decoding=\"async\" width=\"40\" height=\"40\" src=\"https:\/\/www.wiaralecha.pl\/wp-content\/uploads\/2025\/10\/Kacper_Zydroczyk-40x40.png\" class=\"attachment-alchemists_player-xxs size-alchemists_player-xxs wp-post-image\" alt=\"\" \/><\/span><span class=\"player-name\">Kacper Zydorczyk<\/span><\/a><\/td><td class=\"data-yellowcards\" data-label=\"\u017b\u00f3\u0142ta kartka\">4<\/td><td class=\"data-redcards\" data-label=\"Czerwona kartka\">0<\/td><\/tr><tr class=\"odd\"><td class=\"data-rank\" data-label=\"#\">3<\/td><td class=\"data-name has-photo\" data-label=\"Zawodnik\"><a href=\"https:\/\/www.wiaralecha.pl\/index.php\/player\/kacper-korytny\/\"><span class=\"player-photo\"><img loading=\"lazy\" decoding=\"async\" width=\"40\" height=\"40\" src=\"https:\/\/www.wiaralecha.pl\/wp-content\/uploads\/2025\/10\/Kacper_Korytny-40x40.png\" class=\"attachment-alchemists_player-xxs size-alchemists_player-xxs wp-post-image\" alt=\"\" \/><\/span><span class=\"player-name\">Kacper Korytny<\/span><\/a><\/td><td class=\"data-yellowcards\" data-label=\"\u017b\u00f3\u0142ta kartka\">1<\/td><td class=\"data-redcards\" data-label=\"Czerwona kartka\">0<\/td><\/tr><tr class=\"even\"><td class=\"data-rank\" data-label=\"#\">4<\/td><td class=\"data-name has-photo\" data-label=\"Zawodnik\"><a href=\"https:\/\/www.wiaralecha.pl\/index.php\/player\/dominik-solecki\/\"><span class=\"player-photo\"><img loading=\"lazy\" decoding=\"async\" width=\"40\" height=\"40\" src=\"https:\/\/www.wiaralecha.pl\/wp-content\/uploads\/2025\/10\/Dominik_Solecki-40x40.png\" class=\"attachment-alchemists_player-xxs size-alchemists_player-xxs wp-post-image\" alt=\"\" \/><\/span><span class=\"player-name\">Dominik Solecki<\/span><\/a><\/td><td class=\"data-yellowcards\" data-label=\"\u017b\u00f3\u0142ta kartka\">0<\/td><td class=\"data-redcards\" data-label=\"Czerwona kartka\">0<\/td><\/tr><tr class=\"odd\"><td class=\"data-rank\" data-label=\"#\">5<\/td><td class=\"data-name has-photo\" data-label=\"Zawodnik\"><a href=\"https:\/\/www.wiaralecha.pl\/index.php\/player\/oliver-knizs\/\"><span class=\"player-photo\"><img loading=\"lazy\" decoding=\"async\" width=\"40\" height=\"40\" src=\"https:\/\/www.wiaralecha.pl\/wp-content\/uploads\/2025\/10\/Oliver_Knizs-40x40.png\" class=\"attachment-alchemists_player-xxs size-alchemists_player-xxs wp-post-image\" alt=\"\" \/><\/span><span class=\"player-name\">Oliv\u00e9r Knizs<\/span><\/a><\/td><td class=\"data-yellowcards\" data-label=\"\u017b\u00f3\u0142ta kartka\">0<\/td><td class=\"data-redcards\" data-label=\"Czerwona kartka\">0<\/td><\/tr><tr class=\"even\"><td class=\"data-rank\" data-label=\"#\">6<\/td><td class=\"data-name has-photo\" data-label=\"Zawodnik\"><a href=\"https:\/\/www.wiaralecha.pl\/index.php\/player\/jakub-lubojanski\/\"><span class=\"player-photo\"><img loading=\"lazy\" decoding=\"async\" width=\"40\" height=\"40\" src=\"https:\/\/www.wiaralecha.pl\/wp-content\/uploads\/2025\/10\/Jakub_Lubojanski-40x40.png\" class=\"attachment-alchemists_player-xxs size-alchemists_player-xxs wp-post-image\" alt=\"\" \/><\/span><span class=\"player-name\">Jakub Luboja\u0144ski<\/span><\/a><\/td><td class=\"data-yellowcards\" data-label=\"\u017b\u00f3\u0142ta kartka\">0<\/td><td class=\"data-redcards\" data-label=\"Czerwona kartka\">0<\/td><\/tr><\/tbody><\/table><\/div><\/div><\/div><\/div>\n","protected":false},"excerpt":{"rendered":"StrzelcyRankZawodnik 1Uriel Cepeda432Kacper Zydorczyk103Kacper Korytny94Oliv\u00e9r Knizs75Dominik Solecki66Jakub Luboja\u0144ski1 AsystyRankZawodnik 1Uriel Cepeda212Kacper Zydorczyk123Dominik Solecki94Oliv\u00e9r Knizs75Kacper Korytny3 MeczeRankZawodnikMecze1Kacper Zydorczyk232Dominik Solecki223Uriel Cepeda224Kacper Korytny225Oliv\u00e9r Knizs126Jakub Luboja\u0144ski6 KartkiRankZawodnik 1Uriel Cepeda602Kacper Zydorczyk403Kacper Korytny104Dominik Solecki005Oliv\u00e9r Knizs006Jakub Luboja\u0144ski00","protected":false},"author":2,"featured_media":0,"parent":0,"menu_order":0,"comment_status":"closed","ping_status":"closed","template":"","meta":{"_acf_changed":false,"footnotes":""},"class_list":["post-13620","page","type-page","status-publish","hentry"],"acf":[],"jetpack_sharing_enabled":true,"_links":{"self":[{"href":"https:\/\/www.wiaralecha.pl\/index.php\/wp-json\/wp\/v2\/pages\/13620","targetHints":{"allow":["GET"]}}],"collection":[{"href":"https:\/\/www.wiaralecha.pl\/index.php\/wp-json\/wp\/v2\/pages"}],"about":[{"href":"https:\/\/www.wiaralecha.pl\/index.php\/wp-json\/wp\/v2\/types\/page"}],"author":[{"embeddable":true,"href":"https:\/\/www.wiaralecha.pl\/index.php\/wp-json\/wp\/v2\/users\/2"}],"replies":[{"embeddable":true,"href":"https:\/\/www.wiaralecha.pl\/index.php\/wp-json\/wp\/v2\/comments?post=13620"}],"version-history":[{"count":1,"href":"https:\/\/www.wiaralecha.pl\/index.php\/wp-json\/wp\/v2\/pages\/13620\/revisions"}],"predecessor-version":[{"id":13621,"href":"https:\/\/www.wiaralecha.pl\/index.php\/wp-json\/wp\/v2\/pages\/13620\/revisions\/13621"}],"wp:attachment":[{"href":"https:\/\/www.wiaralecha.pl\/index.php\/wp-json\/wp\/v2\/media?parent=13620"}],"curies":[{"name":"wp","href":"https:\/\/api.w.org\/{rel}","templated":true}]}}