{"id":4894,"date":"2021-07-08T14:29:14","date_gmt":"2021-07-08T12:29:14","guid":{"rendered":"https:\/\/www.wiaralecha.pl\/?page_id=4894"},"modified":"2021-07-08T14:29:15","modified_gmt":"2021-07-08T12:29:15","slug":"statystyki-2","status":"publish","type":"page","link":"https:\/\/www.wiaralecha.pl\/index.php\/statystyki-2\/","title":{"rendered":"Statystyki"},"content":{"rendered":"<div class=\"sportspress\"><div class=\"card card--has-table\"><header class=\"card__header\"><h4 class=\"sp-table-caption\">Strzelcy<\/h4><\/header><div class=\"card__content sp-template sp-template-player-list\"><div class=\"table-responsive sp-table-wrapper\"><table class=\"table table--lg team-roster-table sp-player-list sp-data-table sp-sortable-table sp-responsive-table playerlist_69f39e749935d sp-scrollable-table sp-paginated-table\" data-sp-rows=\"40\"><thead><tr><th class=\"data-rank\">Rank<\/th><th class=\"data-name\">Zawodnik<\/th><th class=\"data-goals\"><i class=\"sp-icon-soccerball\" title=\"Bramka\" style=\"color:#222222 !important\"><\/i> <\/th><\/tr><\/thead><tbody><tr class=\"odd\"><td class=\"data-rank\" data-label=\"#\">1<\/td><td class=\"data-name has-photo\" data-label=\"Zawodnik\"><a href=\"https:\/\/www.wiaralecha.pl\/index.php\/player\/michal-niedzwiedzki\/\"><span class=\"player-photo\"><img loading=\"lazy\" decoding=\"async\" width=\"40\" height=\"40\" src=\"https:\/\/www.wiaralecha.pl\/wp-content\/uploads\/2025\/10\/Michal_Niedzwiedzki-40x40.png\" class=\"attachment-alchemists_player-xxs size-alchemists_player-xxs wp-post-image\" alt=\"\" \/><\/span><span class=\"player-name\">Micha\u0142 Nied\u017awiedzki<\/span><\/a><\/td><td class=\"data-goals\" data-label=\"Bramka\">4<\/td><\/tr><tr class=\"even\"><td class=\"data-rank\" data-label=\"#\">2<\/td><td class=\"data-name has-photo\" data-label=\"Zawodnik\"><a href=\"https:\/\/www.wiaralecha.pl\/index.php\/player\/daniel-mankiewicz\/\"><span class=\"player-photo\"><img loading=\"lazy\" decoding=\"async\" width=\"40\" height=\"40\" src=\"https:\/\/www.wiaralecha.pl\/wp-content\/uploads\/2025\/10\/Daniel_Mankiewicz-40x40.png\" class=\"attachment-alchemists_player-xxs size-alchemists_player-xxs wp-post-image\" alt=\"\" \/><\/span><span class=\"player-name\">Daniel Mankiewicz<\/span><\/a><\/td><td class=\"data-goals\" data-label=\"Bramka\">2<\/td><\/tr><tr class=\"odd\"><td class=\"data-rank\" data-label=\"#\">3<\/td><td class=\"data-name has-photo\" data-label=\"Zawodnik\"><a href=\"https:\/\/www.wiaralecha.pl\/index.php\/player\/kuba-kalzynski\/\"><span class=\"player-photo\"><img loading=\"lazy\" decoding=\"async\" width=\"40\" height=\"40\" src=\"https:\/\/www.wiaralecha.pl\/wp-content\/uploads\/2025\/10\/Kuba_Kalzynski-40x40.png\" class=\"attachment-alchemists_player-xxs size-alchemists_player-xxs wp-post-image\" alt=\"\" \/><\/span><span class=\"player-name\">Kuba Ka\u0142\u017cy\u0144ski<\/span><\/a><\/td><td class=\"data-goals\" data-label=\"Bramka\">1<\/td><\/tr><\/tbody><\/table><\/div><\/div><\/div><\/div>\n\n\n<div class=\"sportspress\"><div class=\"card card--has-table\"><header class=\"card__header\"><h4 class=\"sp-table-caption\">Asystenci<\/h4><\/header><div class=\"card__content sp-template sp-template-player-list\"><div class=\"table-responsive sp-table-wrapper\"><table class=\"table table--lg team-roster-table sp-player-list sp-data-table sp-sortable-table sp-responsive-table playerlist_69f39e749eea5 sp-scrollable-table sp-paginated-table\" data-sp-rows=\"40\"><thead><tr><th class=\"data-rank\">Rank<\/th><th class=\"data-name\">Zawodnik<\/th><th class=\"data-assists\"><i class=\"sp-icon-shoe\" title=\"asysty\" style=\"color:#222222 !important\"><\/i> <\/th><\/tr><\/thead><tbody><tr class=\"odd\"><td class=\"data-rank\" data-label=\"#\">1<\/td><td class=\"data-name has-photo\" data-label=\"Zawodnik\"><a href=\"https:\/\/www.wiaralecha.pl\/index.php\/player\/daniel-mankiewicz\/\"><span class=\"player-photo\"><img loading=\"lazy\" decoding=\"async\" width=\"40\" height=\"40\" src=\"https:\/\/www.wiaralecha.pl\/wp-content\/uploads\/2025\/10\/Daniel_Mankiewicz-40x40.png\" class=\"attachment-alchemists_player-xxs size-alchemists_player-xxs wp-post-image\" alt=\"\" \/><\/span><span class=\"player-name\">Daniel Mankiewicz<\/span><\/a><\/td><td class=\"data-assists\" data-label=\"asysty\">2<\/td><\/tr><tr class=\"even\"><td class=\"data-rank\" data-label=\"#\">2<\/td><td class=\"data-name has-photo\" data-label=\"Zawodnik\"><a href=\"https:\/\/www.wiaralecha.pl\/index.php\/player\/michal-niedzwiedzki\/\"><span class=\"player-photo\"><img loading=\"lazy\" decoding=\"async\" width=\"40\" height=\"40\" src=\"https:\/\/www.wiaralecha.pl\/wp-content\/uploads\/2025\/10\/Michal_Niedzwiedzki-40x40.png\" class=\"attachment-alchemists_player-xxs size-alchemists_player-xxs wp-post-image\" alt=\"\" \/><\/span><span class=\"player-name\">Micha\u0142 Nied\u017awiedzki<\/span><\/a><\/td><td class=\"data-assists\" data-label=\"asysty\">2<\/td><\/tr><tr class=\"odd\"><td class=\"data-rank\" data-label=\"#\">3<\/td><td class=\"data-name has-photo\" data-label=\"Zawodnik\"><a href=\"https:\/\/www.wiaralecha.pl\/index.php\/player\/krzysztof-szenfeld\/\"><span class=\"player-photo\"><img loading=\"lazy\" decoding=\"async\" width=\"40\" height=\"40\" src=\"https:\/\/www.wiaralecha.pl\/wp-content\/uploads\/2024\/09\/K_Szenfeld-40x40.png\" class=\"attachment-alchemists_player-xxs size-alchemists_player-xxs wp-post-image\" alt=\"\" \/><\/span><span class=\"player-name\">Krzysztof Szenfeld<\/span><\/a><\/td><td class=\"data-assists\" data-label=\"asysty\">1<\/td><\/tr><tr class=\"even\"><td class=\"data-rank\" data-label=\"#\">4<\/td><td class=\"data-name has-photo\" data-label=\"Zawodnik\"><a href=\"https:\/\/www.wiaralecha.pl\/index.php\/player\/dawid-czerniejewicz\/\"><span class=\"player-photo\"><img loading=\"lazy\" decoding=\"async\" width=\"40\" height=\"40\" src=\"https:\/\/www.wiaralecha.pl\/wp-content\/uploads\/2024\/11\/D_Czerniejewicz-40x40.png\" class=\"attachment-alchemists_player-xxs size-alchemists_player-xxs wp-post-image\" alt=\"\" \/><\/span><span class=\"player-name\">Dawid Czerniejewicz<\/span><\/a><\/td><td class=\"data-assists\" data-label=\"asysty\">1<\/td><\/tr><\/tbody><\/table><\/div><\/div><\/div><\/div>\n\n\n<div class=\"sportspress\"><div class=\"card card--has-table\"><header class=\"card__header\"><h4 class=\"sp-table-caption\">Kartki<\/h4><\/header><div class=\"card__content sp-template sp-template-player-list\"><div class=\"table-responsive sp-table-wrapper\"><table class=\"table table--lg team-roster-table sp-player-list sp-data-table sp-sortable-table sp-responsive-table playerlist_69f39e74a431e sp-scrollable-table sp-paginated-table\" data-sp-rows=\"40\"><thead><tr><th class=\"data-rank\">Rank<\/th><th class=\"data-name\">Zawodnik<\/th><th class=\"data-yellowcards\"><i class=\"sp-icon-card\" title=\"\u017b\u00f3\u0142ta kartka\" style=\"color:#f4d014 !important\"><\/i> <\/th><th class=\"data-redcards\"><i class=\"sp-icon-card\" title=\"Czerwona kartka\" style=\"color:#d4000f !important\"><\/i> <\/th><\/tr><\/thead><tbody><tr class=\"odd\"><td class=\"data-rank\" data-label=\"#\">1<\/td><td class=\"data-name has-photo\" data-label=\"Zawodnik\"><a href=\"https:\/\/www.wiaralecha.pl\/index.php\/player\/dawid-czerniejewicz\/\"><span class=\"player-photo\"><img loading=\"lazy\" decoding=\"async\" width=\"40\" height=\"40\" src=\"https:\/\/www.wiaralecha.pl\/wp-content\/uploads\/2024\/11\/D_Czerniejewicz-40x40.png\" class=\"attachment-alchemists_player-xxs size-alchemists_player-xxs wp-post-image\" alt=\"\" \/><\/span><span class=\"player-name\">Dawid Czerniejewicz<\/span><\/a><\/td><td class=\"data-yellowcards\" data-label=\"\u017b\u00f3\u0142ta kartka\">9<\/td><td class=\"data-redcards\" data-label=\"Czerwona kartka\">0<\/td><\/tr><tr class=\"even\"><td class=\"data-rank\" data-label=\"#\">2<\/td><td class=\"data-name has-photo\" data-label=\"Zawodnik\"><a href=\"https:\/\/www.wiaralecha.pl\/index.php\/player\/krzysztof-szenfeld\/\"><span class=\"player-photo\"><img loading=\"lazy\" decoding=\"async\" width=\"40\" height=\"40\" src=\"https:\/\/www.wiaralecha.pl\/wp-content\/uploads\/2024\/09\/K_Szenfeld-40x40.png\" class=\"attachment-alchemists_player-xxs size-alchemists_player-xxs wp-post-image\" alt=\"\" \/><\/span><span class=\"player-name\">Krzysztof Szenfeld<\/span><\/a><\/td><td class=\"data-yellowcards\" data-label=\"\u017b\u00f3\u0142ta kartka\">2<\/td><td class=\"data-redcards\" data-label=\"Czerwona kartka\">0<\/td><\/tr><tr class=\"odd\"><td class=\"data-rank\" data-label=\"#\">3<\/td><td class=\"data-name has-photo\" data-label=\"Zawodnik\"><a href=\"https:\/\/www.wiaralecha.pl\/index.php\/player\/daniel-mankiewicz\/\"><span class=\"player-photo\"><img loading=\"lazy\" decoding=\"async\" width=\"40\" height=\"40\" src=\"https:\/\/www.wiaralecha.pl\/wp-content\/uploads\/2025\/10\/Daniel_Mankiewicz-40x40.png\" class=\"attachment-alchemists_player-xxs size-alchemists_player-xxs wp-post-image\" alt=\"\" \/><\/span><span class=\"player-name\">Daniel Mankiewicz<\/span><\/a><\/td><td class=\"data-yellowcards\" data-label=\"\u017b\u00f3\u0142ta kartka\">1<\/td><td class=\"data-redcards\" data-label=\"Czerwona kartka\">0<\/td><\/tr><tr class=\"even\"><td class=\"data-rank\" data-label=\"#\">4<\/td><td class=\"data-name has-photo\" data-label=\"Zawodnik\"><a href=\"https:\/\/www.wiaralecha.pl\/index.php\/player\/kuba-kalzynski\/\"><span class=\"player-photo\"><img loading=\"lazy\" decoding=\"async\" width=\"40\" height=\"40\" src=\"https:\/\/www.wiaralecha.pl\/wp-content\/uploads\/2025\/10\/Kuba_Kalzynski-40x40.png\" class=\"attachment-alchemists_player-xxs size-alchemists_player-xxs wp-post-image\" alt=\"\" \/><\/span><span class=\"player-name\">Kuba Ka\u0142\u017cy\u0144ski<\/span><\/a><\/td><td class=\"data-yellowcards\" data-label=\"\u017b\u00f3\u0142ta kartka\">1<\/td><td class=\"data-redcards\" data-label=\"Czerwona kartka\">0<\/td><\/tr><tr class=\"odd\"><td class=\"data-rank\" data-label=\"#\">5<\/td><td class=\"data-name has-photo\" data-label=\"Zawodnik\"><a href=\"https:\/\/www.wiaralecha.pl\/index.php\/player\/mikolaj-nawrowski\/\"><span class=\"player-photo\"><img loading=\"lazy\" decoding=\"async\" width=\"40\" height=\"40\" src=\"https:\/\/www.wiaralecha.pl\/wp-content\/uploads\/2025\/10\/Mikolaj_Nawrowski-40x40.png\" class=\"attachment-alchemists_player-xxs size-alchemists_player-xxs wp-post-image\" alt=\"\" \/><\/span><span class=\"player-name\">Miko\u0142aj Nawrowski<\/span><\/a><\/td><td class=\"data-yellowcards\" data-label=\"\u017b\u00f3\u0142ta kartka\">1<\/td><td class=\"data-redcards\" data-label=\"Czerwona kartka\">0<\/td><\/tr><tr class=\"even\"><td class=\"data-rank\" data-label=\"#\">6<\/td><td class=\"data-name has-photo\" data-label=\"Zawodnik\"><a href=\"https:\/\/www.wiaralecha.pl\/index.php\/player\/michal-niedzwiedzki\/\"><span class=\"player-photo\"><img loading=\"lazy\" decoding=\"async\" width=\"40\" height=\"40\" src=\"https:\/\/www.wiaralecha.pl\/wp-content\/uploads\/2025\/10\/Michal_Niedzwiedzki-40x40.png\" class=\"attachment-alchemists_player-xxs size-alchemists_player-xxs wp-post-image\" alt=\"\" \/><\/span><span class=\"player-name\">Micha\u0142 Nied\u017awiedzki<\/span><\/a><\/td><td class=\"data-yellowcards\" data-label=\"\u017b\u00f3\u0142ta kartka\">0<\/td><td class=\"data-redcards\" data-label=\"Czerwona kartka\">0<\/td><\/tr><\/tbody><\/table><\/div><\/div><\/div><\/div>\n\n\n<div class=\"sportspress\"><div class=\"card card--has-table\"><header class=\"card__header\"><h4 class=\"sp-table-caption\">Mecze\/minuty<\/h4><\/header><div class=\"card__content sp-template sp-template-player-list\"><div class=\"table-responsive sp-table-wrapper\"><table class=\"table table--lg team-roster-table sp-player-list sp-data-table sp-sortable-table sp-responsive-table playerlist_69f39e74a8a6f sp-scrollable-table sp-paginated-table\" data-sp-rows=\"40\"><thead><tr><th class=\"data-rank\">Rank<\/th><th class=\"data-name\">Zawodnik<\/th><th class=\"data-appearances\">Mecze<\/th><th class=\"data-min\"><i class=\"sp-icon-time\" title=\"MIN\" style=\"color:#111111 !important\"><\/i> <\/th><\/tr><\/thead><tbody><tr class=\"odd\"><td class=\"data-rank\" data-label=\"#\">1<\/td><td class=\"data-name has-photo\" data-label=\"Zawodnik\"><a href=\"https:\/\/www.wiaralecha.pl\/index.php\/player\/mikolaj-nawrowski\/\"><span class=\"player-photo\"><img loading=\"lazy\" decoding=\"async\" width=\"40\" height=\"40\" src=\"https:\/\/www.wiaralecha.pl\/wp-content\/uploads\/2025\/10\/Mikolaj_Nawrowski-40x40.png\" class=\"attachment-alchemists_player-xxs size-alchemists_player-xxs wp-post-image\" alt=\"\" \/><\/span><span class=\"player-name\">Miko\u0142aj Nawrowski<\/span><\/a><\/td><td class=\"data-appearances\" data-label=\"Mecze\">17<\/td><td class=\"data-min\" data-label=\"MIN\">1530<\/td><\/tr><tr class=\"even\"><td class=\"data-rank\" data-label=\"#\">2<\/td><td class=\"data-name has-photo\" data-label=\"Zawodnik\"><a href=\"https:\/\/www.wiaralecha.pl\/index.php\/player\/krzysztof-szenfeld\/\"><span class=\"player-photo\"><img loading=\"lazy\" decoding=\"async\" width=\"40\" height=\"40\" src=\"https:\/\/www.wiaralecha.pl\/wp-content\/uploads\/2024\/09\/K_Szenfeld-40x40.png\" class=\"attachment-alchemists_player-xxs size-alchemists_player-xxs wp-post-image\" alt=\"\" \/><\/span><span class=\"player-name\">Krzysztof Szenfeld<\/span><\/a><\/td><td class=\"data-appearances\" data-label=\"Mecze\">25<\/td><td class=\"data-min\" data-label=\"MIN\">938<\/td><\/tr><tr class=\"odd\"><td class=\"data-rank\" data-label=\"#\">3<\/td><td class=\"data-name has-photo\" data-label=\"Zawodnik\"><a href=\"https:\/\/www.wiaralecha.pl\/index.php\/player\/kuba-kalzynski\/\"><span class=\"player-photo\"><img loading=\"lazy\" decoding=\"async\" width=\"40\" height=\"40\" src=\"https:\/\/www.wiaralecha.pl\/wp-content\/uploads\/2025\/10\/Kuba_Kalzynski-40x40.png\" class=\"attachment-alchemists_player-xxs size-alchemists_player-xxs wp-post-image\" alt=\"\" \/><\/span><span class=\"player-name\">Kuba Ka\u0142\u017cy\u0144ski<\/span><\/a><\/td><td class=\"data-appearances\" data-label=\"Mecze\">15<\/td><td class=\"data-min\" data-label=\"MIN\">836<\/td><\/tr><tr class=\"even\"><td class=\"data-rank\" data-label=\"#\">4<\/td><td class=\"data-name has-photo\" data-label=\"Zawodnik\"><a href=\"https:\/\/www.wiaralecha.pl\/index.php\/player\/dawid-czerniejewicz\/\"><span class=\"player-photo\"><img loading=\"lazy\" decoding=\"async\" width=\"40\" height=\"40\" src=\"https:\/\/www.wiaralecha.pl\/wp-content\/uploads\/2024\/11\/D_Czerniejewicz-40x40.png\" class=\"attachment-alchemists_player-xxs size-alchemists_player-xxs wp-post-image\" alt=\"\" \/><\/span><span class=\"player-name\">Dawid Czerniejewicz<\/span><\/a><\/td><td class=\"data-appearances\" data-label=\"Mecze\">16<\/td><td class=\"data-min\" data-label=\"MIN\">764<\/td><\/tr><tr class=\"odd\"><td class=\"data-rank\" data-label=\"#\">5<\/td><td class=\"data-name has-photo\" data-label=\"Zawodnik\"><a href=\"https:\/\/www.wiaralecha.pl\/index.php\/player\/michal-niedzwiedzki\/\"><span class=\"player-photo\"><img loading=\"lazy\" decoding=\"async\" width=\"40\" height=\"40\" src=\"https:\/\/www.wiaralecha.pl\/wp-content\/uploads\/2025\/10\/Michal_Niedzwiedzki-40x40.png\" class=\"attachment-alchemists_player-xxs size-alchemists_player-xxs wp-post-image\" alt=\"\" \/><\/span><span class=\"player-name\">Micha\u0142 Nied\u017awiedzki<\/span><\/a><\/td><td class=\"data-appearances\" data-label=\"Mecze\">9<\/td><td class=\"data-min\" data-label=\"MIN\">508<\/td><\/tr><tr class=\"even\"><td class=\"data-rank\" data-label=\"#\">6<\/td><td class=\"data-name has-photo\" data-label=\"Zawodnik\"><a href=\"https:\/\/www.wiaralecha.pl\/index.php\/player\/daniel-mankiewicz\/\"><span class=\"player-photo\"><img loading=\"lazy\" decoding=\"async\" width=\"40\" height=\"40\" src=\"https:\/\/www.wiaralecha.pl\/wp-content\/uploads\/2025\/10\/Daniel_Mankiewicz-40x40.png\" class=\"attachment-alchemists_player-xxs size-alchemists_player-xxs wp-post-image\" alt=\"\" \/><\/span><span class=\"player-name\">Daniel Mankiewicz<\/span><\/a><\/td><td class=\"data-appearances\" data-label=\"Mecze\">9<\/td><td class=\"data-min\" data-label=\"MIN\">241<\/td><\/tr><\/tbody><\/table><\/div><\/div><\/div><\/div>\n","protected":false},"excerpt":{"rendered":"StrzelcyRankZawodnik 1Micha\u0142 Nied\u017awiedzki42Daniel Mankiewicz23Kuba Ka\u0142\u017cy\u0144ski1 AsystenciRankZawodnik 1Daniel Mankiewicz22Micha\u0142 Nied\u017awiedzki23Krzysztof Szenfeld14Dawid Czerniejewicz1 KartkiRankZawodnik 1Dawid Czerniejewicz902Krzysztof Szenfeld203Daniel Mankiewicz104Kuba Ka\u0142\u017cy\u0144ski105Miko\u0142aj Nawrowski106Micha\u0142 Nied\u017awiedzki00 Mecze\/minutyRankZawodnikMecze 1Miko\u0142aj Nawrowski1715302Krzysztof Szenfeld259383Kuba Ka\u0142\u017cy\u0144ski158364Dawid Czerniejewicz167645Micha\u0142 Nied\u017awiedzki95086Daniel Mankiewicz9241","protected":false},"author":2,"featured_media":0,"parent":0,"menu_order":0,"comment_status":"closed","ping_status":"closed","template":"","meta":{"_acf_changed":false,"footnotes":""},"class_list":["post-4894","page","type-page","status-publish","hentry"],"acf":[],"jetpack_sharing_enabled":true,"_links":{"self":[{"href":"https:\/\/www.wiaralecha.pl\/index.php\/wp-json\/wp\/v2\/pages\/4894","targetHints":{"allow":["GET"]}}],"collection":[{"href":"https:\/\/www.wiaralecha.pl\/index.php\/wp-json\/wp\/v2\/pages"}],"about":[{"href":"https:\/\/www.wiaralecha.pl\/index.php\/wp-json\/wp\/v2\/types\/page"}],"author":[{"embeddable":true,"href":"https:\/\/www.wiaralecha.pl\/index.php\/wp-json\/wp\/v2\/users\/2"}],"replies":[{"embeddable":true,"href":"https:\/\/www.wiaralecha.pl\/index.php\/wp-json\/wp\/v2\/comments?post=4894"}],"version-history":[{"count":1,"href":"https:\/\/www.wiaralecha.pl\/index.php\/wp-json\/wp\/v2\/pages\/4894\/revisions"}],"predecessor-version":[{"id":4895,"href":"https:\/\/www.wiaralecha.pl\/index.php\/wp-json\/wp\/v2\/pages\/4894\/revisions\/4895"}],"wp:attachment":[{"href":"https:\/\/www.wiaralecha.pl\/index.php\/wp-json\/wp\/v2\/media?parent=4894"}],"curies":[{"name":"wp","href":"https:\/\/api.w.org\/{rel}","templated":true}]}}